{"id":3915,"date":"2023-09-26T14:24:10","date_gmt":"2023-09-26T12:24:10","guid":{"rendered":"http:\/\/calreivinyes.com\/la-casa\/"},"modified":"2025-02-21T16:07:41","modified_gmt":"2025-02-21T15:07:41","slug":"la-casa","status":"publish","type":"page","link":"https:\/\/calreivinyes.com\/ca\/la-casa\/","title":{"rendered":"La Casa"},"content":{"rendered":"\t\t<div data-elementor-type=\"wp-page\" data-elementor-id=\"3915\" class=\"elementor elementor-3915 elementor-1446\" data-elementor-post-type=\"page\">\n\t\t\t\t\t\t<section class=\"elementor-section elementor-top-section elementor-element elementor-element-cd62acf elementor-section-boxed elementor-section-height-default elementor-section-height-default\" data-id=\"cd62acf\" data-element_type=\"section\" data-settings=\"{&quot;background_background&quot;:&quot;classic&quot;}\">\n\t\t\t\t\t\t<div class=\"elementor-container elementor-column-gap-default\">\n\t\t\t\t\t<div class=\"elementor-column elementor-col-50 elementor-top-column elementor-element elementor-element-f4950f3\" data-id=\"f4950f3\" data-element_type=\"column\">\n\t\t\t<div class=\"elementor-widget-wrap elementor-element-populated\">\n\t\t\t\t\t\t<div class=\"elementor-element elementor-element-fb2346d elementor-widget elementor-widget-image\" data-id=\"fb2346d\" data-element_type=\"widget\" data-widget_type=\"image.default\">\n\t\t\t\t<div class=\"elementor-widget-container\">\n\t\t\t<style>\/*! elementor - v3.21.0 - 25-04-2024 *\/\n.elementor-widget-image{text-align:center}.elementor-widget-image a{display:inline-block}.elementor-widget-image a img[src$=\".svg\"]{width:48px}.elementor-widget-image img{vertical-align:middle;display:inline-block}<\/style>\t\t\t\t\t\t\t\t\t\t<img fetchpriority=\"high\" decoding=\"async\" width=\"800\" height=\"534\" src=\"https:\/\/calreivinyes.com\/wp-content\/uploads\/2023\/09\/Casa-Vista-general-2012-1-1024x683.jpg\" class=\"attachment-large size-large wp-image-1335\" alt=\"\" srcset=\"https:\/\/calreivinyes.com\/wp-content\/uploads\/2023\/09\/Casa-Vista-general-2012-1-1024x683.jpg 1024w, https:\/\/calreivinyes.com\/wp-content\/uploads\/2023\/09\/Casa-Vista-general-2012-1-300x200.jpg 300w, https:\/\/calreivinyes.com\/wp-content\/uploads\/2023\/09\/Casa-Vista-general-2012-1-768x512.jpg 768w, https:\/\/calreivinyes.com\/wp-content\/uploads\/2023\/09\/Casa-Vista-general-2012-1-1536x1024.jpg 1536w, https:\/\/calreivinyes.com\/wp-content\/uploads\/2023\/09\/Casa-Vista-general-2012-1-2048x1365.jpg 2048w\" sizes=\"(max-width: 800px) 100vw, 800px\" \/>\t\t\t\t\t\t\t\t\t\t\t\t\t<\/div>\n\t\t\t\t<\/div>\n\t\t\t\t<div class=\"elementor-element elementor-element-053a0af elementor-widget elementor-widget-gallery\" data-id=\"053a0af\" data-element_type=\"widget\" data-settings=\"{&quot;columns_mobile&quot;:4,&quot;lazyload&quot;:&quot;yes&quot;,&quot;gallery_layout&quot;:&quot;grid&quot;,&quot;columns&quot;:4,&quot;columns_tablet&quot;:2,&quot;gap&quot;:{&quot;unit&quot;:&quot;px&quot;,&quot;size&quot;:10,&quot;sizes&quot;:[]},&quot;gap_tablet&quot;:{&quot;unit&quot;:&quot;px&quot;,&quot;size&quot;:10,&quot;sizes&quot;:[]},&quot;gap_mobile&quot;:{&quot;unit&quot;:&quot;px&quot;,&quot;size&quot;:10,&quot;sizes&quot;:[]},&quot;link_to&quot;:&quot;file&quot;,&quot;aspect_ratio&quot;:&quot;3:2&quot;,&quot;overlay_background&quot;:&quot;yes&quot;,&quot;content_hover_animation&quot;:&quot;fade-in&quot;}\" data-widget_type=\"gallery.default\">\n\t\t\t\t<div class=\"elementor-widget-container\">\n\t\t\t<style>\/*! elementor-pro - v3.21.0 - 24-04-2024 *\/\n.elementor-gallery__container{min-height:1px}.elementor-gallery-item{position:relative;overflow:hidden;display:block;text-decoration:none;border:solid var(--image-border-width) var(--image-border-color);border-radius:var(--image-border-radius)}.elementor-gallery-item__content,.elementor-gallery-item__overlay{height:100%;width:100%;position:absolute;top:0;left:0}.elementor-gallery-item__overlay{mix-blend-mode:var(--overlay-mix-blend-mode);transition-duration:var(--overlay-transition-duration);transition-property:mix-blend-mode,transform,opacity,background-color}.elementor-gallery-item__image.e-gallery-image{transition-duration:var(--image-transition-duration);transition-property:filter,transform}.elementor-gallery-item__content{display:flex;flex-direction:column;justify-content:var(--content-justify-content,center);align-items:center;text-align:var(--content-text-align);padding:var(--content-padding)}.elementor-gallery-item__content>div{transition-duration:var(--content-transition-duration)}.elementor-gallery-item__content.elementor-gallery--sequenced-animation>div:nth-child(2){transition-delay:calc(var(--content-transition-delay) \/ 3)}.elementor-gallery-item__content.elementor-gallery--sequenced-animation>div:nth-child(3){transition-delay:calc(var(--content-transition-delay) \/ 3 * 2)}.elementor-gallery-item__content.elementor-gallery--sequenced-animation>div:nth-child(4){transition-delay:calc(var(--content-transition-delay) \/ 3 * 3)}.elementor-gallery-item__description{color:var(--description-text-color,#fff);width:100%}.elementor-gallery-item__title{color:var(--title-text-color,#fff);font-weight:700;width:100%}.elementor-gallery__titles-container{display:flex;flex-wrap:wrap;justify-content:var(--titles-container-justify-content,center);margin-bottom:20px}.elementor-gallery__titles-container:not(.e--pointer-framed) .elementor-item:after,.elementor-gallery__titles-container:not(.e--pointer-framed) .elementor-item:before{background-color:var(--galleries-pointer-bg-color-hover)}.elementor-gallery__titles-container:not(.e--pointer-framed) .elementor-item.elementor-item-active:after,.elementor-gallery__titles-container:not(.e--pointer-framed) .elementor-item.elementor-item-active:before{background-color:var(--galleries-pointer-bg-color-active)}.elementor-gallery__titles-container.e--pointer-framed .elementor-item:before{border-color:var(--galleries-pointer-bg-color-hover);border-width:var(--galleries-pointer-border-width)}.elementor-gallery__titles-container.e--pointer-framed .elementor-item:after{border-color:var(--galleries-pointer-bg-color-hover)}.elementor-gallery__titles-container.e--pointer-framed .elementor-item.elementor-item-active:after,.elementor-gallery__titles-container.e--pointer-framed .elementor-item.elementor-item-active:before{border-color:var(--galleries-pointer-bg-color-active)}.elementor-gallery__titles-container.e--pointer-framed.e--animation-draw .elementor-item:before{border-left-width:var(--galleries-pointer-border-width);border-bottom-width:var(--galleries-pointer-border-width);border-right-width:0;border-top-width:0}.elementor-gallery__titles-container.e--pointer-framed.e--animation-draw .elementor-item:after{border-left-width:0;border-bottom-width:0;border-right-width:var(--galleries-pointer-border-width);border-top-width:var(--galleries-pointer-border-width)}.elementor-gallery__titles-container.e--pointer-framed.e--animation-corners .elementor-item:before{border-left-width:var(--galleries-pointer-border-width);border-bottom-width:0;border-right-width:0;border-top-width:var(--galleries-pointer-border-width)}.elementor-gallery__titles-container.e--pointer-framed.e--animation-corners .elementor-item:after{border-left-width:0;border-bottom-width:var(--galleries-pointer-border-width);border-right-width:var(--galleries-pointer-border-width);border-top-width:0}.elementor-gallery__titles-container .e--pointer-double-line .elementor-item:after,.elementor-gallery__titles-container .e--pointer-double-line .elementor-item:before,.elementor-gallery__titles-container .e--pointer-overline .elementor-item:before,.elementor-gallery__titles-container .e--pointer-underline .elementor-item:after{height:var(--galleries-pointer-border-width)}.elementor-gallery-title{--space-between:10px;cursor:pointer;color:#6d7882;font-weight:500;position:relative;padding:7px 14px;transition:all .3s}.elementor-gallery-title--active{color:#495157}.elementor-gallery-title:not(:last-child){margin-inline-end:var(--space-between)}.elementor-gallery-item__title+.elementor-gallery-item__description{margin-top:var(--description-margin-top)}.e-gallery-item.elementor-gallery-item{transition-property:all}.e-gallery-item.elementor-animated-content .elementor-animated-item--enter-from-bottom,.e-gallery-item.elementor-animated-content .elementor-animated-item--enter-from-left,.e-gallery-item.elementor-animated-content .elementor-animated-item--enter-from-right,.e-gallery-item.elementor-animated-content .elementor-animated-item--enter-from-top,.e-gallery-item:focus .elementor-gallery__item-overlay-bg,.e-gallery-item:focus .elementor-gallery__item-overlay-content,.e-gallery-item:focus .elementor-gallery__item-overlay-content__description,.e-gallery-item:focus .elementor-gallery__item-overlay-content__title,.e-gallery-item:hover .elementor-gallery__item-overlay-bg,.e-gallery-item:hover .elementor-gallery__item-overlay-content,.e-gallery-item:hover .elementor-gallery__item-overlay-content__description,.e-gallery-item:hover .elementor-gallery__item-overlay-content__title{opacity:1}a.elementor-item.elementor-gallery-title{color:var(--galleries-title-color-normal)}a.elementor-item.elementor-gallery-title.elementor-item-active,a.elementor-item.elementor-gallery-title.highlighted,a.elementor-item.elementor-gallery-title:focus,a.elementor-item.elementor-gallery-title:hover{color:var(--galleries-title-color-hover)}a.elementor-item.elementor-gallery-title.elementor-item-active{color:var(--gallery-title-color-active)}.e-con-inner>.elementor-widget-gallery,.e-con>.elementor-widget-gallery{width:var(--container-widget-width);--flex-grow:var(--container-widget-flex-grow)}<\/style>\t\t<div class=\"elementor-gallery__container\">\n\t\t\t\t\t\t\t<a class=\"e-gallery-item elementor-gallery-item elementor-animated-content\" href=\"https:\/\/calreivinyes.com\/wp-content\/uploads\/2023\/09\/0022-1.jpg\" data-elementor-open-lightbox=\"yes\" data-elementor-lightbox-slideshow=\"053a0af\" data-elementor-lightbox-title=\"0022.jpg\" data-e-action-hash=\"#elementor-action%3Aaction%3Dlightbox%26settings%3DeyJpZCI6MTMzNiwidXJsIjoiaHR0cHM6XC9cL2NhbHJlaXZpbnllcy5jb21cL3dwLWNvbnRlbnRcL3VwbG9hZHNcLzIwMjNcLzA5XC8wMDIyLTEuanBnIiwic2xpZGVzaG93IjoiMDUzYTBhZiJ9\">\n\t\t\t\t\t<div class=\"e-gallery-image elementor-gallery-item__image\" data-thumbnail=\"https:\/\/calreivinyes.com\/wp-content\/uploads\/2023\/09\/0022-1-300x200.jpg\" data-width=\"300\" data-height=\"200\" aria-label=\"\" role=\"img\" ><\/div>\n\t\t\t\t\t\t\t\t\t\t\t<div class=\"elementor-gallery-item__overlay\"><\/div>\n\t\t\t\t\t\t\t\t\t\t\t\t\t\t<\/a>\n\t\t\t\t\t\t\t<a class=\"e-gallery-item elementor-gallery-item elementor-animated-content\" href=\"https:\/\/calreivinyes.com\/wp-content\/uploads\/2023\/12\/calreivinyes-interior-1_2.jpg\" data-elementor-open-lightbox=\"yes\" data-elementor-lightbox-slideshow=\"053a0af\" data-elementor-lightbox-title=\"calreivinyes-interior-1_2\" data-e-action-hash=\"#elementor-action%3Aaction%3Dlightbox%26settings%3DeyJpZCI6NDI0MSwidXJsIjoiaHR0cHM6XC9cL2NhbHJlaXZpbnllcy5jb21cL3dwLWNvbnRlbnRcL3VwbG9hZHNcLzIwMjNcLzEyXC9jYWxyZWl2aW55ZXMtaW50ZXJpb3ItMV8yLmpwZyIsInNsaWRlc2hvdyI6IjA1M2EwYWYifQ%3D%3D\">\n\t\t\t\t\t<div class=\"e-gallery-image elementor-gallery-item__image\" data-thumbnail=\"https:\/\/calreivinyes.com\/wp-content\/uploads\/2023\/12\/calreivinyes-interior-1_2-300x200.jpg\" data-width=\"300\" data-height=\"200\" aria-label=\"\" role=\"img\" ><\/div>\n\t\t\t\t\t\t\t\t\t\t\t<div class=\"elementor-gallery-item__overlay\"><\/div>\n\t\t\t\t\t\t\t\t\t\t\t\t\t\t<\/a>\n\t\t\t\t\t\t\t<a class=\"e-gallery-item elementor-gallery-item elementor-animated-content\" href=\"https:\/\/calreivinyes.com\/wp-content\/uploads\/2023\/12\/calreivinyes-2-1_3.jpg\" data-elementor-open-lightbox=\"yes\" data-elementor-lightbox-slideshow=\"053a0af\" data-elementor-lightbox-title=\"calreivinyes-2-1_3\" data-e-action-hash=\"#elementor-action%3Aaction%3Dlightbox%26settings%3DeyJpZCI6NDI2NiwidXJsIjoiaHR0cHM6XC9cL2NhbHJlaXZpbnllcy5jb21cL3dwLWNvbnRlbnRcL3VwbG9hZHNcLzIwMjNcLzEyXC9jYWxyZWl2aW55ZXMtMi0xXzMuanBnIiwic2xpZGVzaG93IjoiMDUzYTBhZiJ9\">\n\t\t\t\t\t<div class=\"e-gallery-image elementor-gallery-item__image\" data-thumbnail=\"https:\/\/calreivinyes.com\/wp-content\/uploads\/2023\/12\/calreivinyes-2-1_3-300x200.jpg\" data-width=\"300\" data-height=\"200\" aria-label=\"\" role=\"img\" ><\/div>\n\t\t\t\t\t\t\t\t\t\t\t<div class=\"elementor-gallery-item__overlay\"><\/div>\n\t\t\t\t\t\t\t\t\t\t\t\t\t\t<\/a>\n\t\t\t\t\t\t\t<a class=\"e-gallery-item elementor-gallery-item elementor-animated-content\" href=\"https:\/\/calreivinyes.com\/wp-content\/uploads\/2023\/09\/IMG_0554-1.jpg\" data-elementor-open-lightbox=\"yes\" data-elementor-lightbox-slideshow=\"053a0af\" data-elementor-lightbox-title=\"IMG_0554.jpg\" data-e-action-hash=\"#elementor-action%3Aaction%3Dlightbox%26settings%3DeyJpZCI6MTMxOCwidXJsIjoiaHR0cHM6XC9cL2NhbHJlaXZpbnllcy5jb21cL3dwLWNvbnRlbnRcL3VwbG9hZHNcLzIwMjNcLzA5XC9JTUdfMDU1NC0xLmpwZyIsInNsaWRlc2hvdyI6IjA1M2EwYWYifQ%3D%3D\">\n\t\t\t\t\t<div class=\"e-gallery-image elementor-gallery-item__image\" data-thumbnail=\"https:\/\/calreivinyes.com\/wp-content\/uploads\/2023\/09\/IMG_0554-1-300x225.jpg\" data-width=\"300\" data-height=\"225\" aria-label=\"\" role=\"img\" ><\/div>\n\t\t\t\t\t\t\t\t\t\t\t<div class=\"elementor-gallery-item__overlay\"><\/div>\n\t\t\t\t\t\t\t\t\t\t\t\t\t\t<\/a>\n\t\t\t\t\t\t\t<a class=\"e-gallery-item elementor-gallery-item elementor-animated-content\" href=\"https:\/\/calreivinyes.com\/wp-content\/uploads\/2023\/09\/IMG_2532-1.jpg\" data-elementor-open-lightbox=\"yes\" data-elementor-lightbox-slideshow=\"053a0af\" data-elementor-lightbox-title=\"IMG_2532.jpg\" data-e-action-hash=\"#elementor-action%3Aaction%3Dlightbox%26settings%3DeyJpZCI6MTMxMywidXJsIjoiaHR0cHM6XC9cL2NhbHJlaXZpbnllcy5jb21cL3dwLWNvbnRlbnRcL3VwbG9hZHNcLzIwMjNcLzA5XC9JTUdfMjUzMi0xLmpwZyIsInNsaWRlc2hvdyI6IjA1M2EwYWYifQ%3D%3D\">\n\t\t\t\t\t<div class=\"e-gallery-image elementor-gallery-item__image\" data-thumbnail=\"https:\/\/calreivinyes.com\/wp-content\/uploads\/2023\/09\/IMG_2532-1-300x200.jpg\" data-width=\"300\" data-height=\"200\" aria-label=\"\" role=\"img\" ><\/div>\n\t\t\t\t\t\t\t\t\t\t\t<div class=\"elementor-gallery-item__overlay\"><\/div>\n\t\t\t\t\t\t\t\t\t\t\t\t\t\t<\/a>\n\t\t\t\t\t\t\t<a class=\"e-gallery-item elementor-gallery-item elementor-animated-content\" href=\"https:\/\/calreivinyes.com\/wp-content\/uploads\/2023\/09\/Jardi.-Primavera.jpg\" data-elementor-open-lightbox=\"yes\" data-elementor-lightbox-slideshow=\"053a0af\" data-elementor-lightbox-title=\"Jardi.-Primavera\" data-e-action-hash=\"#elementor-action%3Aaction%3Dlightbox%26settings%3DeyJpZCI6MTIyOCwidXJsIjoiaHR0cHM6XC9cL2NhbHJlaXZpbnllcy5jb21cL3dwLWNvbnRlbnRcL3VwbG9hZHNcLzIwMjNcLzA5XC9KYXJkaS4tUHJpbWF2ZXJhLmpwZyIsInNsaWRlc2hvdyI6IjA1M2EwYWYifQ%3D%3D\">\n\t\t\t\t\t<div class=\"e-gallery-image elementor-gallery-item__image\" data-thumbnail=\"https:\/\/calreivinyes.com\/wp-content\/uploads\/2023\/09\/Jardi.-Primavera-300x225.jpg\" data-width=\"300\" data-height=\"225\" aria-label=\"\" role=\"img\" ><\/div>\n\t\t\t\t\t\t\t\t\t\t\t<div class=\"elementor-gallery-item__overlay\"><\/div>\n\t\t\t\t\t\t\t\t\t\t\t\t\t\t<\/a>\n\t\t\t\t\t\t\t<a class=\"e-gallery-item elementor-gallery-item elementor-animated-content\" href=\"https:\/\/calreivinyes.com\/wp-content\/uploads\/2023\/11\/calreivinyes-17.jpg\" data-elementor-open-lightbox=\"yes\" data-elementor-lightbox-slideshow=\"053a0af\" data-elementor-lightbox-title=\"calreivinyes-17\" data-e-action-hash=\"#elementor-action%3Aaction%3Dlightbox%26settings%3DeyJpZCI6MzEyOCwidXJsIjoiaHR0cHM6XC9cL2NhbHJlaXZpbnllcy5jb21cL3dwLWNvbnRlbnRcL3VwbG9hZHNcLzIwMjNcLzExXC9jYWxyZWl2aW55ZXMtMTcuanBnIiwic2xpZGVzaG93IjoiMDUzYTBhZiJ9\">\n\t\t\t\t\t<div class=\"e-gallery-image elementor-gallery-item__image\" data-thumbnail=\"https:\/\/calreivinyes.com\/wp-content\/uploads\/2023\/11\/calreivinyes-17-300x225.jpg\" data-width=\"300\" data-height=\"225\" aria-label=\"\" role=\"img\" ><\/div>\n\t\t\t\t\t\t\t\t\t\t\t<div class=\"elementor-gallery-item__overlay\"><\/div>\n\t\t\t\t\t\t\t\t\t\t\t\t\t\t<\/a>\n\t\t\t\t\t\t\t<a class=\"e-gallery-item elementor-gallery-item elementor-animated-content\" href=\"https:\/\/calreivinyes.com\/wp-content\/uploads\/2023\/09\/IMG_2358.jpg\" data-elementor-open-lightbox=\"yes\" data-elementor-lightbox-slideshow=\"053a0af\" data-elementor-lightbox-title=\"IMG_2358\" data-e-action-hash=\"#elementor-action%3Aaction%3Dlightbox%26settings%3DeyJpZCI6MTAzNCwidXJsIjoiaHR0cHM6XC9cL2NhbHJlaXZpbnllcy5jb21cL3dwLWNvbnRlbnRcL3VwbG9hZHNcLzIwMjNcLzA5XC9JTUdfMjM1OC5qcGciLCJzbGlkZXNob3ciOiIwNTNhMGFmIn0%3D\">\n\t\t\t\t\t<div class=\"e-gallery-image elementor-gallery-item__image\" data-thumbnail=\"https:\/\/calreivinyes.com\/wp-content\/uploads\/2023\/09\/IMG_2358-300x200.jpg\" data-width=\"300\" data-height=\"200\" aria-label=\"\" role=\"img\" ><\/div>\n\t\t\t\t\t\t\t\t\t\t\t<div class=\"elementor-gallery-item__overlay\"><\/div>\n\t\t\t\t\t\t\t\t\t\t\t\t\t\t<\/a>\n\t\t\t\t\t<\/div>\n\t\t\t<\/div>\n\t\t\t\t<\/div>\n\t\t\t\t\t<\/div>\n\t\t<\/div>\n\t\t\t\t<div class=\"elementor-column elementor-col-50 elementor-top-column elementor-element elementor-element-02b2224\" data-id=\"02b2224\" data-element_type=\"column\">\n\t\t\t<div class=\"elementor-widget-wrap elementor-element-populated\">\n\t\t\t\t\t\t<section class=\"elementor-section elementor-inner-section elementor-element elementor-element-035451a elementor-section-boxed elementor-section-height-default elementor-section-height-default\" data-id=\"035451a\" data-element_type=\"section\">\n\t\t\t\t\t\t<div class=\"elementor-container elementor-column-gap-default\">\n\t\t\t\t\t<div class=\"elementor-column elementor-col-100 elementor-inner-column elementor-element elementor-element-c4a91b8\" data-id=\"c4a91b8\" data-element_type=\"column\">\n\t\t\t<div class=\"elementor-widget-wrap elementor-element-populated\">\n\t\t\t\t\t\t<div class=\"elementor-element elementor-element-f619546 elementor-widget elementor-widget-heading\" data-id=\"f619546\" data-element_type=\"widget\" data-widget_type=\"heading.default\">\n\t\t\t\t<div class=\"elementor-widget-container\">\n\t\t\t<style>\/*! elementor - v3.21.0 - 25-04-2024 *\/\n.elementor-heading-title{padding:0;margin:0;line-height:1}.elementor-widget-heading .elementor-heading-title[class*=elementor-size-]>a{color:inherit;font-size:inherit;line-height:inherit}.elementor-widget-heading .elementor-heading-title.elementor-size-small{font-size:15px}.elementor-widget-heading .elementor-heading-title.elementor-size-medium{font-size:19px}.elementor-widget-heading .elementor-heading-title.elementor-size-large{font-size:29px}.elementor-widget-heading .elementor-heading-title.elementor-size-xl{font-size:39px}.elementor-widget-heading .elementor-heading-title.elementor-size-xxl{font-size:59px}<\/style><h2 class=\"elementor-heading-title elementor-size-default\">La Casa<\/h2>\t\t<\/div>\n\t\t\t\t<\/div>\n\t\t\t\t<div class=\"elementor-element elementor-element-a8221ed elementor-widget elementor-widget-text-editor\" data-id=\"a8221ed\" data-element_type=\"widget\" data-widget_type=\"text-editor.default\">\n\t\t\t\t<div class=\"elementor-widget-container\">\n\t\t\t<style>\/*! elementor - v3.21.0 - 25-04-2024 *\/\n.elementor-widget-text-editor.elementor-drop-cap-view-stacked .elementor-drop-cap{background-color:#69727d;color:#fff}.elementor-widget-text-editor.elementor-drop-cap-view-framed .elementor-drop-cap{color:#69727d;border:3px solid;background-color:transparent}.elementor-widget-text-editor:not(.elementor-drop-cap-view-default) .elementor-drop-cap{margin-top:8px}.elementor-widget-text-editor:not(.elementor-drop-cap-view-default) .elementor-drop-cap-letter{width:1em;height:1em}.elementor-widget-text-editor .elementor-drop-cap{float:left;text-align:center;line-height:1;font-size:50px}.elementor-widget-text-editor .elementor-drop-cap-letter{display:inline-block}<\/style>\t\t\t\t<p>La casa \u00e9s una masia t\u00edpica catalana, amb l&#8217;arquitectura hist\u00f2rica de la zona.<br \/>\u00c9s de planta rectangular i sostre a doble vessant. Com la majoria de masies,<br \/>disposa de tres plantes: la planta baixa (antigues quadres dels animals), la<br \/>primera planta o planta noble (habitatge) i la segona planta (antigues<br \/>golfes per a l&#8217;assecat dels cultius).<br \/>La masia est\u00e0 a\u00efllada i t\u00e9 una capacitat per a 24+2 persones i lloguer<br \/>exclusiu per a un sol grup, per a poder gaudir amb total privacitat de la<br \/>estada.<br \/>En la reforma per adaptar-la a Casa Rural, s&#8217;han conservat els materials<br \/>originals, tant en els s\u00f2ls, portes, finestres i bigues, com en els<br \/>elements tradicionals (armaris, finestres&#8230;)<\/p>\n\t\t\t\t\t\t<\/div>\n\t\t\t\t<\/div>\n\t\t\t\t<div class=\"elementor-element elementor-element-f3f8ec5 elementor-tablet-align-left elementor-icon-list--layout-traditional elementor-list-item-link-full_width elementor-widget elementor-widget-icon-list\" data-id=\"f3f8ec5\" data-element_type=\"widget\" data-widget_type=\"icon-list.default\">\n\t\t\t\t<div class=\"elementor-widget-container\">\n\t\t\t<link rel=\"stylesheet\" href=\"https:\/\/calreivinyes.com\/wp-content\/plugins\/elementor\/assets\/css\/widget-icon-list.min.css\">\t\t<ul class=\"elementor-icon-list-items\">\n\t\t\t\t\t\t\t<li class=\"elementor-icon-list-item\">\n\t\t\t\t\t\t\t\t\t\t\t<a href=\"https:\/\/calreivinyes.com\/ca\/quan-lespai-es-un-luxe\/\">\n\n\t\t\t\t\t\t\t\t\t\t\t\t<span class=\"elementor-icon-list-icon\">\n\t\t\t\t\t\t\t<i aria-hidden=\"true\" class=\"fas fa-check\"><\/i>\t\t\t\t\t\t<\/span>\n\t\t\t\t\t\t\t\t\t\t<span class=\"elementor-icon-list-text\">Habitacions i espais comuns amplis i confortables.<\/span>\n\t\t\t\t\t\t\t\t\t\t\t<\/a>\n\t\t\t\t\t\t\t\t\t<\/li>\n\t\t\t\t\t\t\t\t<li class=\"elementor-icon-list-item\">\n\t\t\t\t\t\t\t\t\t\t\t<a href=\"https:\/\/calreivinyes.com\/ca\/com-a-casa\/\">\n\n\t\t\t\t\t\t\t\t\t\t\t\t<span class=\"elementor-icon-list-icon\">\n\t\t\t\t\t\t\t<i aria-hidden=\"true\" class=\"fas fa-check\"><\/i>\t\t\t\t\t\t<\/span>\n\t\t\t\t\t\t\t\t\t\t<span class=\"elementor-icon-list-text\">Equipada amb tot el necessari per a una estada immillorable.<\/span>\n\t\t\t\t\t\t\t\t\t\t\t<\/a>\n\t\t\t\t\t\t\t\t\t<\/li>\n\t\t\t\t\t\t\t\t<li class=\"elementor-icon-list-item\">\n\t\t\t\t\t\t\t\t\t\t\t<a href=\"http:\/\/calreivinyes.com\/piscina-i-jardin\/\">\n\n\t\t\t\t\t\t\t\t\t\t\t\t<span class=\"elementor-icon-list-icon\">\n\t\t\t\t\t\t\t<i aria-hidden=\"true\" class=\"fas fa-check\"><\/i>\t\t\t\t\t\t<\/span>\n\t\t\t\t\t\t\t\t\t\t<span class=\"elementor-icon-list-text\">Disposa de Wifi \/ internet, jardins, piscina, barbacoa i p\u00e0rquing, entre altres serveis.<\/span>\n\t\t\t\t\t\t\t\t\t\t\t<\/a>\n\t\t\t\t\t\t\t\t\t<\/li>\n\t\t\t\t\t\t\t\t<li class=\"elementor-icon-list-item\">\n\t\t\t\t\t\t\t\t\t\t\t<a href=\"https:\/\/calreivinyes.com\/ca\/quan-lespai-es-un-luxe\/\">\n\n\t\t\t\t\t\t\t\t\t\t\t\t<span class=\"elementor-icon-list-icon\">\n\t\t\t\t\t\t\t<i aria-hidden=\"true\" class=\"fas fa-check\"><\/i>\t\t\t\t\t\t<\/span>\n\t\t\t\t\t\t\t\t\t\t<span class=\"elementor-icon-list-text\">T\u00e9 10 habitacions, distribu\u00efdes en les tres plantes.<\/span>\n\t\t\t\t\t\t\t\t\t\t\t<\/a>\n\t\t\t\t\t\t\t\t\t<\/li>\n\t\t\t\t\t\t<\/ul>\n\t\t\t\t<\/div>\n\t\t\t\t<\/div>\n\t\t\t\t\t<\/div>\n\t\t<\/div>\n\t\t\t\t\t<\/div>\n\t\t<\/section>\n\t\t\t\t<div class=\"elementor-element elementor-element-f5fdf7a elementor-mobile-align-justify elementor-widget__width-initial elementor-hidden-desktop elementor-hidden-tablet elementor-hidden-mobile elementor-widget elementor-widget-button\" data-id=\"f5fdf7a\" data-element_type=\"widget\" data-widget_type=\"button.default\">\n\t\t\t\t<div class=\"elementor-widget-container\">\n\t\t\t\t\t<div class=\"elementor-button-wrapper\">\n\t\t\t<a class=\"elementor-button elementor-button-link elementor-size-md\" href=\"https:\/\/calreivinyes.com\/ca\/solicitar-reserva\/\">\n\t\t\t\t\t\t<span class=\"elementor-button-content-wrapper\">\n\t\t\t\t\t\t\t\t\t<span class=\"elementor-button-text\">Sol\u00b7licitar reserva<\/span>\n\t\t\t\t\t<\/span>\n\t\t\t\t\t<\/a>\n\t\t<\/div>\n\t\t\t\t<\/div>\n\t\t\t\t<\/div>\n\t\t\t\t\t<\/div>\n\t\t<\/div>\n\t\t\t\t\t<\/div>\n\t\t<\/section>\n\t\t\t\t<section class=\"elementor-section elementor-top-section elementor-element elementor-element-0b0dd74 elementor-hidden-desktop elementor-hidden-tablet elementor-hidden-mobile elementor-section-boxed elementor-section-height-default elementor-section-height-default\" data-id=\"0b0dd74\" data-element_type=\"section\">\n\t\t\t\t\t\t<div class=\"elementor-container elementor-column-gap-default\">\n\t\t\t\t\t<div class=\"elementor-column elementor-col-100 elementor-top-column elementor-element elementor-element-7a6fc16\" data-id=\"7a6fc16\" data-element_type=\"column\">\n\t\t\t<div class=\"elementor-widget-wrap elementor-element-populated\">\n\t\t\t\t\t\t<div class=\"elementor-element elementor-element-118a8c7 elementor-widget elementor-widget-heading\" data-id=\"118a8c7\" data-element_type=\"widget\" data-widget_type=\"heading.default\">\n\t\t\t\t<div class=\"elementor-widget-container\">\n\t\t\t<h2 class=\"elementor-heading-title elementor-size-default\">Habitacions i espais comuns<\/h2>\t\t<\/div>\n\t\t\t\t<\/div>\n\t\t\t\t<div class=\"elementor-element elementor-element-433cd0d elementor-posts--align-center elementor-grid-2 elementor-grid-tablet-2 elementor-grid-mobile-1 elementor-posts--thumbnail-top elementor-card-shadow-yes elementor-posts__hover-gradient elementor-widget elementor-widget-posts\" data-id=\"433cd0d\" data-element_type=\"widget\" data-settings=\"{&quot;cards_row_gap&quot;:{&quot;unit&quot;:&quot;px&quot;,&quot;size&quot;:15,&quot;sizes&quot;:[]},&quot;cards_columns&quot;:&quot;2&quot;,&quot;cards_columns_tablet&quot;:&quot;2&quot;,&quot;cards_columns_mobile&quot;:&quot;1&quot;,&quot;cards_row_gap_tablet&quot;:{&quot;unit&quot;:&quot;px&quot;,&quot;size&quot;:&quot;&quot;,&quot;sizes&quot;:[]},&quot;cards_row_gap_mobile&quot;:{&quot;unit&quot;:&quot;px&quot;,&quot;size&quot;:&quot;&quot;,&quot;sizes&quot;:[]}}\" data-widget_type=\"posts.cards\">\n\t\t\t\t<div class=\"elementor-widget-container\">\n\t\t\t<link rel=\"stylesheet\" href=\"https:\/\/calreivinyes.com\/wp-content\/plugins\/elementor-pro\/assets\/css\/widget-posts.min.css\">\t\t<div class=\"elementor-posts-container elementor-posts elementor-posts--skin-cards elementor-grid\">\n\t\t\t\t<article class=\"elementor-post elementor-grid-item post-3904 post type-post status-publish format-standard has-post-thumbnail hentry category-uncategorized-ca\">\n\t\t\t<div class=\"elementor-post__card\">\n\t\t\t\t<a class=\"elementor-post__thumbnail__link\" href=\"https:\/\/calreivinyes.com\/ca\/com-a-casa\/\" tabindex=\"-1\" ><div class=\"elementor-post__thumbnail\"><img decoding=\"async\" width=\"768\" height=\"512\" src=\"https:\/\/calreivinyes.com\/wp-content\/uploads\/2023\/09\/0002-768x512.jpg\" class=\"attachment-medium_large size-medium_large wp-image-3300\" alt=\"\" srcset=\"https:\/\/calreivinyes.com\/wp-content\/uploads\/2023\/09\/0002-768x512.jpg 768w, https:\/\/calreivinyes.com\/wp-content\/uploads\/2023\/09\/0002-300x200.jpg 300w, https:\/\/calreivinyes.com\/wp-content\/uploads\/2023\/09\/0002.jpg 960w\" sizes=\"(max-width: 768px) 100vw, 768px\" \/><\/div><\/a>\n\t\t\t\t<div class=\"elementor-post__text\">\n\t\t\t\t<h3 class=\"elementor-post__title\">\n\t\t\t<a href=\"https:\/\/calreivinyes.com\/ca\/com-a-casa\/\" >\n\t\t\t\tCom a casa\t\t\t<\/a>\n\t\t<\/h3>\n\t\t\t\t<div class=\"elementor-post__excerpt\">\n\t\t\t<p>Es lloga sempre \u00edntegrament i en exclusiva a <b>un \u00fanic grup de persones<\/b>, per a gaudir de l&#8217;estada amb total privacitat i comoditat. Disposa de tot l&#8217;equipament necessari per a una estada confortable.<\/p>\n\t\t<\/div>\n\t\t\t\t<\/div>\n\t\t\t\t\t<\/div>\n\t\t<\/article>\n\t\t\t\t<article class=\"elementor-post elementor-grid-item post-3906 post type-post status-publish format-standard has-post-thumbnail hentry category-uncategorized-ca\">\n\t\t\t<div class=\"elementor-post__card\">\n\t\t\t\t<a class=\"elementor-post__thumbnail__link\" href=\"https:\/\/calreivinyes.com\/ca\/un-espai-de-trobada\/\" tabindex=\"-1\" ><div class=\"elementor-post__thumbnail\"><img decoding=\"async\" width=\"768\" height=\"512\" src=\"https:\/\/calreivinyes.com\/wp-content\/uploads\/2023\/09\/IMG_4081-scaled-768x512.jpg\" class=\"attachment-medium_large size-medium_large wp-image-3591\" alt=\"\" srcset=\"https:\/\/calreivinyes.com\/wp-content\/uploads\/2023\/09\/IMG_4081-scaled-768x512.jpg 768w, https:\/\/calreivinyes.com\/wp-content\/uploads\/2023\/09\/IMG_4081-scaled-300x200.jpg 300w, https:\/\/calreivinyes.com\/wp-content\/uploads\/2023\/09\/IMG_4081-scaled-1024x683.jpg 1024w, https:\/\/calreivinyes.com\/wp-content\/uploads\/2023\/09\/IMG_4081-scaled-1536x1024.jpg 1536w, https:\/\/calreivinyes.com\/wp-content\/uploads\/2023\/09\/IMG_4081-scaled-2048x1366.jpg 2048w\" sizes=\"(max-width: 768px) 100vw, 768px\" \/><\/div><\/a>\n\t\t\t\t<div class=\"elementor-post__text\">\n\t\t\t\t<h3 class=\"elementor-post__title\">\n\t\t\t<a href=\"https:\/\/calreivinyes.com\/ca\/un-espai-de-trobada\/\" >\n\t\t\t\tUn espai de trobada\t\t\t<\/a>\n\t\t<\/h3>\n\t\t\t\t<div class=\"elementor-post__excerpt\">\n\t\t\t<p>La <b>sala polivalent<\/b>, annexa a la masia, complementa la casa i ofereix, 60 m\u00b2 coberts condicionats i equipats per a desenvolupar activitats d&#8217;interior, sessions de treball, esdeveniments o activitats com el ioga.<\/p>\n\t\t<\/div>\n\t\t\t\t<\/div>\n\t\t\t\t\t<\/div>\n\t\t<\/article>\n\t\t\t\t<article class=\"elementor-post elementor-grid-item post-3908 post type-post status-publish format-standard has-post-thumbnail hentry category-uncategorized-ca\">\n\t\t\t<div class=\"elementor-post__card\">\n\t\t\t\t<a class=\"elementor-post__thumbnail__link\" href=\"https:\/\/calreivinyes.com\/ca\/moments-per-a-compartir\/\" tabindex=\"-1\" ><div class=\"elementor-post__thumbnail\"><img loading=\"lazy\" decoding=\"async\" width=\"768\" height=\"480\" src=\"https:\/\/calreivinyes.com\/wp-content\/uploads\/2023\/11\/calreivinyes-11-768x480.jpg\" class=\"attachment-medium_large size-medium_large wp-image-3845\" alt=\"\" srcset=\"https:\/\/calreivinyes.com\/wp-content\/uploads\/2023\/11\/calreivinyes-11-768x480.jpg 768w, https:\/\/calreivinyes.com\/wp-content\/uploads\/2023\/11\/calreivinyes-11-300x188.jpg 300w, https:\/\/calreivinyes.com\/wp-content\/uploads\/2023\/11\/calreivinyes-11-1024x640.jpg 1024w, https:\/\/calreivinyes.com\/wp-content\/uploads\/2023\/11\/calreivinyes-11-1536x960.jpg 1536w, https:\/\/calreivinyes.com\/wp-content\/uploads\/2023\/11\/calreivinyes-11.jpg 1896w\" sizes=\"(max-width: 768px) 100vw, 768px\" \/><\/div><\/a>\n\t\t\t\t<div class=\"elementor-post__text\">\n\t\t\t\t<h3 class=\"elementor-post__title\">\n\t\t\t<a href=\"https:\/\/calreivinyes.com\/ca\/moments-per-a-compartir\/\" >\n\t\t\t\tMoments per a compartir\t\t\t<\/a>\n\t\t<\/h3>\n\t\t\t\t<div class=\"elementor-post__excerpt\">\n\t\t\t<p>La gran sala principal, amb <b>una acollidora xemeneia<\/b>, li permetr\u00e0 compartir estones inoblidables. Qui vulgui relaxar-se, trobar\u00e0 a l&#8217;espai de biblioteca el rac\u00f3 perfecte.<\/p>\n\t\t<\/div>\n\t\t\t\t<\/div>\n\t\t\t\t\t<\/div>\n\t\t<\/article>\n\t\t\t\t<article class=\"elementor-post elementor-grid-item post-3910 post type-post status-publish format-standard has-post-thumbnail hentry category-uncategorized-ca\">\n\t\t\t<div class=\"elementor-post__card\">\n\t\t\t\t<a class=\"elementor-post__thumbnail__link\" href=\"https:\/\/calreivinyes.com\/ca\/quan-lespai-es-un-luxe\/\" tabindex=\"-1\" ><div class=\"elementor-post__thumbnail\"><img loading=\"lazy\" decoding=\"async\" width=\"768\" height=\"512\" src=\"https:\/\/calreivinyes.com\/wp-content\/uploads\/2023\/11\/calreivinyes-29-768x512.jpg\" class=\"attachment-medium_large size-medium_large wp-image-3863\" alt=\"\" srcset=\"https:\/\/calreivinyes.com\/wp-content\/uploads\/2023\/11\/calreivinyes-29-768x512.jpg 768w, https:\/\/calreivinyes.com\/wp-content\/uploads\/2023\/11\/calreivinyes-29-300x200.jpg 300w, https:\/\/calreivinyes.com\/wp-content\/uploads\/2023\/11\/calreivinyes-29-1024x683.jpg 1024w, https:\/\/calreivinyes.com\/wp-content\/uploads\/2023\/11\/calreivinyes-29-1536x1024.jpg 1536w, https:\/\/calreivinyes.com\/wp-content\/uploads\/2023\/11\/calreivinyes-29.jpg 1896w\" sizes=\"(max-width: 768px) 100vw, 768px\" \/><\/div><\/a>\n\t\t\t\t<div class=\"elementor-post__text\">\n\t\t\t\t<h3 class=\"elementor-post__title\">\n\t\t\t<a href=\"https:\/\/calreivinyes.com\/ca\/quan-lespai-es-un-luxe\/\" >\n\t\t\t\tQuan l&#8217;espai \u00e9s un luxe\t\t\t<\/a>\n\t\t<\/h3>\n\t\t\t\t<div class=\"elementor-post__excerpt\">\n\t\t\t<p><b>Deu \u00e0mplies habitacions<\/b>, amb vistes al paisatge a trav\u00e9s de finestres emmarcades per carreus. Tot plegat garanteix un bon rep\u00f2s.<\/p>\n\t\t<\/div>\n\t\t\t\t<\/div>\n\t\t\t\t\t<\/div>\n\t\t<\/article>\n\t\t\t\t<\/div>\n\t\t\n\t\t\t\t<\/div>\n\t\t\t\t<\/div>\n\t\t\t\t\t<\/div>\n\t\t<\/div>\n\t\t\t\t\t<\/div>\n\t\t<\/section>\n\t\t\t\t<\/div>\n\t\t","protected":false},"excerpt":{"rendered":"<p>La casa \u00e9s una masia t\u00edpica catalana, amb l&#8217;arquitectura hist\u00f2rica de la zona.\u00c9s de planta rectangular i sostre a doble vessant. Com la majoria de masies,disposa de tres plantes: la planta baixa (antigues quadres dels animals), laprimera planta o planta noble (habitatge) i la segona planta (antiguesgolfes per a l&#8217;assecat dels cultius).La masia est\u00e0 a\u00efllada [&hellip;]<\/p>\n","protected":false},"author":2,"featured_media":0,"parent":0,"menu_order":0,"comment_status":"closed","ping_status":"closed","template":"","meta":{"footnotes":""},"yoast_head":"<!-- This site is optimized with the Yoast SEO plugin v22.5 - https:\/\/yoast.com\/wordpress\/plugins\/seo\/ -->\n<title>La Casa - Cal Rei Vinyes<\/title>\n<meta name=\"robots\" content=\"index, follow, max-snippet:-1, max-image-preview:large, max-video-preview:-1\" \/>\n<link rel=\"canonical\" href=\"https:\/\/calreivinyes.com\/ca\/la-casa\/\" \/>\n<meta property=\"og:locale\" content=\"ca_ES\" \/>\n<meta property=\"og:type\" content=\"article\" \/>\n<meta property=\"og:title\" content=\"La Casa - Cal Rei Vinyes\" \/>\n<meta property=\"og:description\" content=\"La casa \u00e9s una masia t\u00edpica catalana, amb l&#8217;arquitectura hist\u00f2rica de la zona.\u00c9s de planta rectangular i sostre a doble vessant. Com la majoria de masies,disposa de tres plantes: la planta baixa (antigues quadres dels animals), laprimera planta o planta noble (habitatge) i la segona planta (antiguesgolfes per a l&#8217;assecat dels cultius).La masia est\u00e0 a\u00efllada [&hellip;]\" \/>\n<meta property=\"og:url\" content=\"https:\/\/calreivinyes.com\/ca\/la-casa\/\" \/>\n<meta property=\"og:site_name\" content=\"Cal Rei Vinyes\" \/>\n<meta property=\"article:modified_time\" content=\"2025-02-21T15:07:41+00:00\" \/>\n<meta property=\"og:image\" content=\"http:\/\/calreivinyes.com\/wp-content\/uploads\/2023\/09\/Casa-Vista-general-2012-1-1024x683.jpg\" \/>\n<meta name=\"twitter:card\" content=\"summary_large_image\" \/>\n<meta name=\"twitter:label1\" content=\"Temps estimat de lectura\" \/>\n\t<meta name=\"twitter:data1\" content=\"1 minut\" \/>\n<script type=\"application\/ld+json\" class=\"yoast-schema-graph\">{\"@context\":\"https:\/\/schema.org\",\"@graph\":[{\"@type\":\"WebPage\",\"@id\":\"https:\/\/calreivinyes.com\/ca\/la-casa\/\",\"url\":\"https:\/\/calreivinyes.com\/ca\/la-casa\/\",\"name\":\"La Casa - Cal Rei Vinyes\",\"isPartOf\":{\"@id\":\"https:\/\/calreivinyes.com\/#website\"},\"primaryImageOfPage\":{\"@id\":\"https:\/\/calreivinyes.com\/ca\/la-casa\/#primaryimage\"},\"image\":{\"@id\":\"https:\/\/calreivinyes.com\/ca\/la-casa\/#primaryimage\"},\"thumbnailUrl\":\"http:\/\/calreivinyes.com\/wp-content\/uploads\/2023\/09\/Casa-Vista-general-2012-1-1024x683.jpg\",\"datePublished\":\"2023-09-26T12:24:10+00:00\",\"dateModified\":\"2025-02-21T15:07:41+00:00\",\"breadcrumb\":{\"@id\":\"https:\/\/calreivinyes.com\/ca\/la-casa\/#breadcrumb\"},\"inLanguage\":\"ca\",\"potentialAction\":[{\"@type\":\"ReadAction\",\"target\":[\"https:\/\/calreivinyes.com\/ca\/la-casa\/\"]}]},{\"@type\":\"ImageObject\",\"inLanguage\":\"ca\",\"@id\":\"https:\/\/calreivinyes.com\/ca\/la-casa\/#primaryimage\",\"url\":\"http:\/\/calreivinyes.com\/wp-content\/uploads\/2023\/09\/Casa-Vista-general-2012-1-1024x683.jpg\",\"contentUrl\":\"http:\/\/calreivinyes.com\/wp-content\/uploads\/2023\/09\/Casa-Vista-general-2012-1-1024x683.jpg\"},{\"@type\":\"BreadcrumbList\",\"@id\":\"https:\/\/calreivinyes.com\/ca\/la-casa\/#breadcrumb\",\"itemListElement\":[{\"@type\":\"ListItem\",\"position\":1,\"name\":\"Portada\",\"item\":\"https:\/\/calreivinyes.com\/ca\/\"},{\"@type\":\"ListItem\",\"position\":2,\"name\":\"La Casa\"}]},{\"@type\":\"WebSite\",\"@id\":\"https:\/\/calreivinyes.com\/#website\",\"url\":\"https:\/\/calreivinyes.com\/\",\"name\":\"Cal rei vinyes\",\"description\":\"\",\"publisher\":{\"@id\":\"https:\/\/calreivinyes.com\/#organization\"},\"potentialAction\":[{\"@type\":\"SearchAction\",\"target\":{\"@type\":\"EntryPoint\",\"urlTemplate\":\"https:\/\/calreivinyes.com\/?s={search_term_string}\"},\"query-input\":\"required name=search_term_string\"}],\"inLanguage\":\"ca\"},{\"@type\":\"Organization\",\"@id\":\"https:\/\/calreivinyes.com\/#organization\",\"name\":\"Cal rei vinyes\",\"url\":\"https:\/\/calreivinyes.com\/\",\"logo\":{\"@type\":\"ImageObject\",\"inLanguage\":\"ca\",\"@id\":\"https:\/\/calreivinyes.com\/#\/schema\/logo\/image\/\",\"url\":\"https:\/\/calreivinyes.com\/wp-content\/uploads\/2022\/11\/logo-cal-rei-vinyes-cast.png\",\"contentUrl\":\"https:\/\/calreivinyes.com\/wp-content\/uploads\/2022\/11\/logo-cal-rei-vinyes-cast.png\",\"width\":500,\"height\":121,\"caption\":\"Cal rei vinyes\"},\"image\":{\"@id\":\"https:\/\/calreivinyes.com\/#\/schema\/logo\/image\/\"}}]}<\/script>\n<!-- \/ Yoast SEO plugin. -->","yoast_head_json":{"title":"La Casa - Cal Rei Vinyes","robots":{"index":"index","follow":"follow","max-snippet":"max-snippet:-1","max-image-preview":"max-image-preview:large","max-video-preview":"max-video-preview:-1"},"canonical":"https:\/\/calreivinyes.com\/ca\/la-casa\/","og_locale":"ca_ES","og_type":"article","og_title":"La Casa - Cal Rei Vinyes","og_description":"La casa \u00e9s una masia t\u00edpica catalana, amb l&#8217;arquitectura hist\u00f2rica de la zona.\u00c9s de planta rectangular i sostre a doble vessant. Com la majoria de masies,disposa de tres plantes: la planta baixa (antigues quadres dels animals), laprimera planta o planta noble (habitatge) i la segona planta (antiguesgolfes per a l&#8217;assecat dels cultius).La masia est\u00e0 a\u00efllada [&hellip;]","og_url":"https:\/\/calreivinyes.com\/ca\/la-casa\/","og_site_name":"Cal Rei Vinyes","article_modified_time":"2025-02-21T15:07:41+00:00","og_image":[{"url":"http:\/\/calreivinyes.com\/wp-content\/uploads\/2023\/09\/Casa-Vista-general-2012-1-1024x683.jpg"}],"twitter_card":"summary_large_image","twitter_misc":{"Temps estimat de lectura":"1 minut"},"schema":{"@context":"https:\/\/schema.org","@graph":[{"@type":"WebPage","@id":"https:\/\/calreivinyes.com\/ca\/la-casa\/","url":"https:\/\/calreivinyes.com\/ca\/la-casa\/","name":"La Casa - Cal Rei Vinyes","isPartOf":{"@id":"https:\/\/calreivinyes.com\/#website"},"primaryImageOfPage":{"@id":"https:\/\/calreivinyes.com\/ca\/la-casa\/#primaryimage"},"image":{"@id":"https:\/\/calreivinyes.com\/ca\/la-casa\/#primaryimage"},"thumbnailUrl":"http:\/\/calreivinyes.com\/wp-content\/uploads\/2023\/09\/Casa-Vista-general-2012-1-1024x683.jpg","datePublished":"2023-09-26T12:24:10+00:00","dateModified":"2025-02-21T15:07:41+00:00","breadcrumb":{"@id":"https:\/\/calreivinyes.com\/ca\/la-casa\/#breadcrumb"},"inLanguage":"ca","potentialAction":[{"@type":"ReadAction","target":["https:\/\/calreivinyes.com\/ca\/la-casa\/"]}]},{"@type":"ImageObject","inLanguage":"ca","@id":"https:\/\/calreivinyes.com\/ca\/la-casa\/#primaryimage","url":"http:\/\/calreivinyes.com\/wp-content\/uploads\/2023\/09\/Casa-Vista-general-2012-1-1024x683.jpg","contentUrl":"http:\/\/calreivinyes.com\/wp-content\/uploads\/2023\/09\/Casa-Vista-general-2012-1-1024x683.jpg"},{"@type":"BreadcrumbList","@id":"https:\/\/calreivinyes.com\/ca\/la-casa\/#breadcrumb","itemListElement":[{"@type":"ListItem","position":1,"name":"Portada","item":"https:\/\/calreivinyes.com\/ca\/"},{"@type":"ListItem","position":2,"name":"La Casa"}]},{"@type":"WebSite","@id":"https:\/\/calreivinyes.com\/#website","url":"https:\/\/calreivinyes.com\/","name":"Cal rei vinyes","description":"","publisher":{"@id":"https:\/\/calreivinyes.com\/#organization"},"potentialAction":[{"@type":"SearchAction","target":{"@type":"EntryPoint","urlTemplate":"https:\/\/calreivinyes.com\/?s={search_term_string}"},"query-input":"required name=search_term_string"}],"inLanguage":"ca"},{"@type":"Organization","@id":"https:\/\/calreivinyes.com\/#organization","name":"Cal rei vinyes","url":"https:\/\/calreivinyes.com\/","logo":{"@type":"ImageObject","inLanguage":"ca","@id":"https:\/\/calreivinyes.com\/#\/schema\/logo\/image\/","url":"https:\/\/calreivinyes.com\/wp-content\/uploads\/2022\/11\/logo-cal-rei-vinyes-cast.png","contentUrl":"https:\/\/calreivinyes.com\/wp-content\/uploads\/2022\/11\/logo-cal-rei-vinyes-cast.png","width":500,"height":121,"caption":"Cal rei vinyes"},"image":{"@id":"https:\/\/calreivinyes.com\/#\/schema\/logo\/image\/"}}]}},"_links":{"self":[{"href":"https:\/\/calreivinyes.com\/ca\/wp-json\/wp\/v2\/pages\/3915"}],"collection":[{"href":"https:\/\/calreivinyes.com\/ca\/wp-json\/wp\/v2\/pages"}],"about":[{"href":"https:\/\/calreivinyes.com\/ca\/wp-json\/wp\/v2\/types\/page"}],"author":[{"embeddable":true,"href":"https:\/\/calreivinyes.com\/ca\/wp-json\/wp\/v2\/users\/2"}],"replies":[{"embeddable":true,"href":"https:\/\/calreivinyes.com\/ca\/wp-json\/wp\/v2\/comments?post=3915"}],"version-history":[{"count":10,"href":"https:\/\/calreivinyes.com\/ca\/wp-json\/wp\/v2\/pages\/3915\/revisions"}],"predecessor-version":[{"id":4982,"href":"https:\/\/calreivinyes.com\/ca\/wp-json\/wp\/v2\/pages\/3915\/revisions\/4982"}],"wp:attachment":[{"href":"https:\/\/calreivinyes.com\/ca\/wp-json\/wp\/v2\/media?parent=3915"}],"curies":[{"name":"wp","href":"https:\/\/api.w.org\/{rel}","templated":true}]}}